{"id":8852,"date":"2026-01-27T15:16:17","date_gmt":"2026-01-27T14:16:17","guid":{"rendered":"https:\/\/studiotendresse.com\/?page_id=8852"},"modified":"2026-01-27T15:30:50","modified_gmt":"2026-01-27T14:30:50","slug":"guide-de-seance-tout-petit","status":"publish","type":"page","link":"https:\/\/studiotendresse.com\/index.php\/photo-bebe-thionville\/photo-bebe-tout-petit-thionville\/guide-de-seance-tout-petit\/","title":{"rendered":"Guide de s\u00e9ance Tout Petit"},"content":{"rendered":"\t\t<div data-elementor-type=\"wp-page\" data-elementor-id=\"8852\" class=\"elementor elementor-8852\" data-elementor-post-type=\"page\">\n\t\t\t\t<div class=\"elementor-element elementor-element-b7ea97c e-flex e-con-boxed e-con e-parent\" data-id=\"b7ea97c\" data-element_type=\"container\" data-e-type=\"container\">\n\t\t\t\t\t<div class=\"e-con-inner\">\n\t\t\t\t<div class=\"elementor-element elementor-element-5f1bbd1 elementor-widget elementor-widget-heading\" data-id=\"5f1bbd1\" data-element_type=\"widget\" data-e-type=\"widget\" data-widget_type=\"heading.default\">\n\t\t\t\t<div class=\"elementor-widget-container\">\n\t\t\t\t\t<h2 class=\"elementor-heading-title elementor-size-default\">Votre s\u00e9ance photos Tout Petit<\/h2>\t\t\t\t<\/div>\n\t\t\t\t<\/div>\n\t\t\t\t<div class=\"elementor-element elementor-element-dce662f elementor-widget elementor-widget-text-editor\" data-id=\"dce662f\" data-element_type=\"widget\" data-e-type=\"widget\" data-widget_type=\"text-editor.default\">\n\t\t\t\t<div class=\"elementor-widget-container\">\n\t\t\t\t\t\t\t\t\t<p>Les s\u00e9ances Tout Petit sont des s\u00e9ances photo pens\u00e9es pour mettre en valeur la beaut\u00e9 naturelle de votre b\u00e9b\u00e9, entour\u00e9 de sa famille, dans une atmosph\u00e8re douce et intemporelle.<\/p>\n<p>R\u00e9alis\u00e9es dans un d\u00e9cor boh\u00e8me, lumineux, aux tons naturels, ces s\u00e9ances privil\u00e9gient une lumi\u00e8re blanche, douce et enveloppante.\u00a0<\/p>\n<p>Ces s\u00e9ances se r\u00e9alisent de 1 mois \u00e0 9 mois, b\u00e9b\u00e9 dans les bras de ses parents, puis pos\u00e9 naturellement sur une petite fourrure afin de cr\u00e9er des images authentiques, chaleureuses qui traverseront les ann\u00e9es sans se d\u00e9moder.<\/p>\n<p>\u00a0<\/p>\t\t\t\t\t\t\t\t<\/div>\n\t\t\t\t<\/div>\n\t\t\t\t\t<\/div>\n\t\t\t\t<\/div>\n\t\t<div class=\"elementor-element elementor-element-0e1c1e9 e-flex e-con-boxed e-con e-parent\" data-id=\"0e1c1e9\" data-element_type=\"container\" data-e-type=\"container\">\n\t\t\t\t\t<div class=\"e-con-inner\">\n\t\t\t\t<div class=\"elementor-element elementor-element-45c7420 elementor-widget elementor-widget-heading\" data-id=\"45c7420\" data-element_type=\"widget\" data-e-type=\"widget\" data-widget_type=\"heading.default\">\n\t\t\t\t<div class=\"elementor-widget-container\">\n\t\t\t\t\t<h2 class=\"elementor-heading-title elementor-size-default\">Le studio photo <\/h2>\t\t\t\t<\/div>\n\t\t\t\t<\/div>\n\t\t\t\t<div class=\"elementor-element elementor-element-0371ea5 elementor-widget elementor-widget-text-editor\" data-id=\"0371ea5\" data-element_type=\"widget\" data-e-type=\"widget\" data-widget_type=\"text-editor.default\">\n\t\t\t\t<div class=\"elementor-widget-container\">\n\t\t\t\t\t\t\t\t\t<p class=\"cvGsUA direction-ltr align-start para-style-body\"><span class=\"OYPEnA font-feature-liga-off font-feature-clig-off font-feature-calt-off text-decoration-none text-strikethrough-none\">Studio Tendresse Photographie est situ\u00e9 \u00e0 proximit\u00e9 imm\u00e9diate de Thionville au 58 grand rue 57100 Manom (<\/span><span style=\"color: var( --e-global-color-text ); font-family: var( --e-global-typography-text-font-family ), Sans-serif; font-weight: var( --e-global-typography-text-font-weight ); text-align: var(--text-align);\">10 min du Luxembourg, 30 min de Metz<\/span><\/p>\n<p class=\"cvGsUA direction-ltr align-start para-style-body\"><span style=\"color: var( --e-global-color-text ); font-family: var( --e-global-typography-text-font-family ), Sans-serif; font-weight: var( --e-global-typography-text-font-weight ); text-align: var(--text-align);\">Vous pourrez facilement et gratuitement vous garer :<\/span><\/p>\n<ul>\n<li class=\"cvGsUA direction-ltr align-start para-style-body\"><span style=\"color: var( --e-global-color-text ); font-family: var( --e-global-typography-text-font-family ), Sans-serif; font-weight: var( --e-global-typography-text-font-weight ); text-align: var(--text-align);\">face au studio (places standards \/ handicap\u00e9es et places bleues<\/span><\/li>\n<li class=\"cvGsUA direction-ltr align-start para-style-body\"><span style=\"color: var( --e-global-color-text ); font-family: var( --e-global-typography-text-font-family ), Sans-serif; font-weight: var( --e-global-typography-text-font-weight ); text-align: var(--text-align);\">\u00a0parking lib\u00e9ration \u00e0 quelques m\u00e8tre en face du studio<\/span><\/li>\n<li class=\"cvGsUA direction-ltr align-start para-style-body\"><span style=\"color: var( --e-global-color-text ); font-family: var( --e-global-typography-text-font-family ), Sans-serif; font-weight: var( --e-global-typography-text-font-weight ); text-align: var(--text-align);\">grand rue et autres rues annexes toutes pourvues de places<\/span><\/li>\n<\/ul>\n<p class=\"cvGsUA direction-ltr align-start para-style-body\"><span class=\"OYPEnA font-feature-liga-off font-feature-clig-off font-feature-calt-off text-decoration-none text-strikethrough-none\">Si pr\u00e9sence d&rsquo;une personne \u00e0 mobilit\u00e9 r\u00e9duite, merci de l&rsquo;indiquer avant la s\u00e9ance afin que la rampe d&rsquo;acc\u00e8s soit install\u00e9e (pr\u00e9sence de 2 marches devant la porte du studio)<\/span><\/p>\n<p class=\"cvGsUA direction-ltr align-start para-style-body\"><span class=\"OYPEnA font-feature-liga-off font-feature-clig-off font-feature-calt-off text-decoration-none text-strikethrough-none\">N\u2019oubliez pas me pr\u00e9venir en cas de retard : 06.10.02.19.96<\/span><\/p>\n<p class=\"cvGsUA direction-ltr align-start para-style-body\"><span class=\"OYPEnA font-feature-liga-off font-feature-clig-off font-feature-calt-off text-decoration-none text-strikethrough-none\">Tout retard est d\u00e9duis du temps de s\u00e9ance afin de ne pas perturber les s\u00e9ances de la journ\u00e9e<br \/>En cas de retard excessif, la s\u00e9ance sera annul\u00e9e (conform\u00e9ment aux Conditions G\u00e9n\u00e9rales de Vente). <span style=\"text-decoration: underline;\">Il est donc imp\u00e9ratif de respecter au maximum les horaires que nous aurons d\u00e9finis ensemble pour la bonne r\u00e9ussite de notre s\u00e9ance.<\/span><\/span><\/p>\t\t\t\t\t\t\t\t<\/div>\n\t\t\t\t<\/div>\n\t\t\t\t\t<\/div>\n\t\t\t\t<\/div>\n\t\t<div class=\"elementor-element elementor-element-d4c9c30 e-flex e-con-boxed e-con e-parent\" data-id=\"d4c9c30\" data-element_type=\"container\" data-e-type=\"container\">\n\t\t\t\t\t<div class=\"e-con-inner\">\n\t\t<div class=\"elementor-element elementor-element-24e2956 e-con-full e-flex e-con e-child\" data-id=\"24e2956\" data-element_type=\"container\" data-e-type=\"container\">\n\t\t\t\t<div class=\"elementor-element elementor-element-bb6ec59 elementor-widget elementor-widget-image\" data-id=\"bb6ec59\" data-element_type=\"widget\" data-e-type=\"widget\" data-widget_type=\"image.default\">\n\t\t\t\t<div class=\"elementor-widget-container\">\n\t\t\t\t\t\t\t\t\t\t\t\t\t\t\t<img fetchpriority=\"high\" decoding=\"async\" width=\"840\" height=\"558\" src=\"https:\/\/studiotendresse.com\/wp-content\/uploads\/2025\/08\/Tout-petit-2.webp\" class=\"attachment-large size-large wp-image-8052\" alt=\"\" srcset=\"https:\/\/studiotendresse.com\/wp-content\/uploads\/2025\/08\/Tout-petit-2.webp 886w, https:\/\/studiotendresse.com\/wp-content\/uploads\/2025\/08\/Tout-petit-2-300x199.webp 300w, https:\/\/studiotendresse.com\/wp-content\/uploads\/2025\/08\/Tout-petit-2-768x511.webp 768w, https:\/\/studiotendresse.com\/wp-content\/uploads\/2025\/08\/Tout-petit-2-90x60.webp 90w, https:\/\/studiotendresse.com\/wp-content\/uploads\/2025\/08\/Tout-petit-2-800x530.webp 800w, https:\/\/studiotendresse.com\/wp-content\/uploads\/2025\/08\/Tout-petit-2-420x280.webp 420w\" sizes=\"(max-width: 840px) 100vw, 840px\" \/>\t\t\t\t\t\t\t\t\t\t\t\t\t\t\t<\/div>\n\t\t\t\t<\/div>\n\t\t\t\t<\/div>\n\t\t<div class=\"elementor-element elementor-element-1c9ed3d e-con-full e-flex e-con e-child\" data-id=\"1c9ed3d\" data-element_type=\"container\" data-e-type=\"container\">\n\t\t\t\t<div class=\"elementor-element elementor-element-c1a2497 elementor-widget elementor-widget-heading\" data-id=\"c1a2497\" data-element_type=\"widget\" data-e-type=\"widget\" data-widget_type=\"heading.default\">\n\t\t\t\t<div class=\"elementor-widget-container\">\n\t\t\t\t\t<h2 class=\"elementor-heading-title elementor-size-default\">Ma s\u00e9ance photos Tout Petit<\/h2>\t\t\t\t<\/div>\n\t\t\t\t<\/div>\n\t\t\t\t<div class=\"elementor-element elementor-element-28504ec elementor-widget elementor-widget-text-editor\" data-id=\"28504ec\" data-element_type=\"widget\" data-e-type=\"widget\" data-widget_type=\"text-editor.default\">\n\t\t\t\t<div class=\"elementor-widget-container\">\n\t\t\t\t\t\t\t\t\t<p><span style=\"text-decoration: underline;\"><strong>Vous avez des questions ?\u00a0<\/strong><\/span><br \/>Que ce soit maintenant, pendant la s\u00e9ance ou apr\u00e8s, je reste disponible pour r\u00e9pondre dans les meilleurs d\u00e9lais \u00e0 vos interrogations !<\/p>\t\t\t\t\t\t\t\t<\/div>\n\t\t\t\t<\/div>\n\t\t\t\t<div class=\"elementor-element elementor-element-c3d0f23 elementor-widget elementor-widget-text-editor\" data-id=\"c3d0f23\" data-element_type=\"widget\" data-e-type=\"widget\" data-widget_type=\"text-editor.default\">\n\t\t\t\t<div class=\"elementor-widget-container\">\n\t\t\t\t\t\t\t\t\t<p>Selon la collection choisie, la dur\u00e9e de s\u00e9ance varie.<\/p>\n<p><span style=\"text-decoration: underline;\">Collection Douceur :<\/span> B\u00e9b\u00e9 <span style=\"text-decoration: underline;\">et ses parents uniquement,<\/span> 5 images, dur\u00e9e 30min environ<\/p>\n<p><span style=\"text-decoration: underline;\">Collection Tendresse :<\/span>\u00a0 b\u00e9b\u00e9 et sa famille (parents et fratrie), 10 images, dur\u00e9e 45min environ<\/p>\n<p><span style=\"text-decoration: underline;\">Collection Prestige :<\/span> B\u00e9b\u00e9 et sa famille (parents et fratrie), 20 images, dur\u00e9e 1h environ<\/p>\t\t\t\t\t\t\t\t<\/div>\n\t\t\t\t<\/div>\n\t\t\t\t<\/div>\n\t\t\t\t\t<\/div>\n\t\t\t\t<\/div>\n\t\t<div class=\"elementor-element elementor-element-019c704 e-flex e-con-boxed e-con e-parent\" data-id=\"019c704\" data-element_type=\"container\" data-e-type=\"container\">\n\t\t\t\t\t<div class=\"e-con-inner\">\n\t\t<div class=\"elementor-element elementor-element-873a7eb e-con-full e-flex e-con e-child\" data-id=\"873a7eb\" data-element_type=\"container\" data-e-type=\"container\">\n\t\t\t\t<div class=\"elementor-element elementor-element-c52e9c9 elementor-widget elementor-widget-image\" data-id=\"c52e9c9\" data-element_type=\"widget\" data-e-type=\"widget\" data-widget_type=\"image.default\">\n\t\t\t\t<div class=\"elementor-widget-container\">\n\t\t\t\t\t\t\t\t\t\t\t\t\t\t\t<img decoding=\"async\" width=\"681\" height=\"1024\" src=\"https:\/\/studiotendresse.com\/wp-content\/uploads\/2025\/08\/5-2-681x1024.webp\" class=\"attachment-large size-large wp-image-8049\" alt=\"b\u00e9b\u00e9 souriant dans une tenue blanche\" srcset=\"https:\/\/studiotendresse.com\/wp-content\/uploads\/2025\/08\/5-2-681x1024.webp 681w, https:\/\/studiotendresse.com\/wp-content\/uploads\/2025\/08\/5-2-200x300.webp 200w, https:\/\/studiotendresse.com\/wp-content\/uploads\/2025\/08\/5-2-768x1154.webp 768w, https:\/\/studiotendresse.com\/wp-content\/uploads\/2025\/08\/5-2-scaled.webp 1703w\" sizes=\"(max-width: 681px) 100vw, 681px\" \/>\t\t\t\t\t\t\t\t\t\t\t\t\t\t\t<\/div>\n\t\t\t\t<\/div>\n\t\t\t\t<\/div>\n\t\t<div class=\"elementor-element elementor-element-d550f4a e-con-full e-flex e-con e-child\" data-id=\"d550f4a\" data-element_type=\"container\" data-e-type=\"container\">\n\t\t\t\t<div class=\"elementor-element elementor-element-630700b elementor-widget elementor-widget-heading\" data-id=\"630700b\" data-element_type=\"widget\" data-e-type=\"widget\" data-widget_type=\"heading.default\">\n\t\t\t\t<div class=\"elementor-widget-container\">\n\t\t\t\t\t<h2 class=\"elementor-heading-title elementor-size-default\">S\u00e9ance photo Bambin - La tenue<\/h2>\t\t\t\t<\/div>\n\t\t\t\t<\/div>\n\t\t\t\t<div class=\"elementor-element elementor-element-10d541f elementor-widget elementor-widget-heading\" data-id=\"10d541f\" data-element_type=\"widget\" data-e-type=\"widget\" data-widget_type=\"heading.default\">\n\t\t\t\t<div class=\"elementor-widget-container\">\n\t\t\t\t\t<h3 class=\"elementor-heading-title elementor-size-default\">Combien de tenue dois-je apporter ?<\/h3>\t\t\t\t<\/div>\n\t\t\t\t<\/div>\n\t\t\t\t<div class=\"elementor-element elementor-element-42b7cb5 elementor-widget elementor-widget-text-editor\" data-id=\"42b7cb5\" data-element_type=\"widget\" data-e-type=\"widget\" data-widget_type=\"text-editor.default\">\n\t\t\t\t<div class=\"elementor-widget-container\">\n\t\t\t\t\t\t\t\t\t<p>1 seule tenue est port\u00e9e pour la s\u00e9ance.<br \/>Il est possible de se changer sur place lors de la s\u00e9ance. Pr\u00e9voir la tenue de b\u00e9b\u00e9.<\/p>\t\t\t\t\t\t\t\t<\/div>\n\t\t\t\t<\/div>\n\t\t\t\t<\/div>\n\t\t\t\t\t<\/div>\n\t\t\t\t<\/div>\n\t\t<div class=\"elementor-element elementor-element-01764d6 e-flex e-con-boxed e-con e-parent\" data-id=\"01764d6\" data-element_type=\"container\" data-e-type=\"container\">\n\t\t\t\t\t<div class=\"e-con-inner\">\n\t\t\t\t<div class=\"elementor-element elementor-element-37f2792 elementor-widget elementor-widget-heading\" data-id=\"37f2792\" data-element_type=\"widget\" data-e-type=\"widget\" data-widget_type=\"heading.default\">\n\t\t\t\t<div class=\"elementor-widget-container\">\n\t\t\t\t\t<h2 class=\"elementor-heading-title elementor-size-default\">D\u00e9roulement de s\u00e9ance<\/h2>\t\t\t\t<\/div>\n\t\t\t\t<\/div>\n\t\t\t\t<div class=\"elementor-element elementor-element-2f27a1a elementor-widget elementor-widget-text-editor\" data-id=\"2f27a1a\" data-element_type=\"widget\" data-e-type=\"widget\" data-widget_type=\"text-editor.default\">\n\t\t\t\t<div class=\"elementor-widget-container\">\n\t\t\t\t\t\t\t\t\t<p>Les s\u00e9ances Tout Petit sont pens\u00e9es pour respecter le rythme des tout petits. A cet \u00e2ge la capacit\u00e9 de concentration est courte et la fatigue arrive vite ! C&rsquo;est pourquoi les s\u00e9ances sont volontairement assez rapides et dynamiques.<\/p>\n<p>Nous enchainons les poses et les variations de mani\u00e8re fluide afin de capter l&rsquo;attention de l&rsquo;enfant sans le brusquer, tout en conservant un moment agr\u00e9able pour lui<\/p>\n<p>Afin de pr\u00e9server des expressions naturelles et un regard bien pr\u00e9sent, chez b\u00e9b\u00e9 comme pour les ain\u00e9s, il est important de ne pas utiliser de t\u00e9l\u00e9phone portable pour attirer l&rsquo;attention !<\/p>\n<p>De m\u00eame,\u00a0 je vous remercie de ne pas apporter de nourriture pour \u00ab\u00a0faire accepter\u00a0\u00bb la s\u00e9ance. Cela perturbe le d\u00e9roulement, d\u00e9tourne l&rsquo;attention et peut cr\u00e9er de la frustration chez l&rsquo;enfant.<\/p>\n<p><em>Ces s\u00e9ances sont pr\u00e9vues pour 1 famille, (pas de cousinades, grands parents etc&#8230; sur ce type de forfait)<\/em><\/p>\t\t\t\t\t\t\t\t<\/div>\n\t\t\t\t<\/div>\n\t\t\t\t\t<\/div>\n\t\t\t\t<\/div>\n\t\t<div class=\"elementor-element elementor-element-ca05a7c e-flex e-con-boxed e-con e-parent\" data-id=\"ca05a7c\" data-element_type=\"container\" data-e-type=\"container\">\n\t\t\t\t\t<div class=\"e-con-inner\">\n\t\t\t\t\t<\/div>\n\t\t\t\t<\/div>\n\t\t<div class=\"elementor-element elementor-element-099338d e-flex e-con-boxed e-con e-parent\" data-id=\"099338d\" data-element_type=\"container\" data-e-type=\"container\">\n\t\t\t\t\t<div class=\"e-con-inner\">\n\t\t\t\t<div class=\"elementor-element elementor-element-29edf52 elementor-widget elementor-widget-heading\" data-id=\"29edf52\" data-element_type=\"widget\" data-e-type=\"widget\" data-widget_type=\"heading.default\">\n\t\t\t\t<div class=\"elementor-widget-container\">\n\t\t\t\t\t<h3 class=\"elementor-heading-title elementor-size-default\">La remise de mes photos Tout Petit<\/h3>\t\t\t\t<\/div>\n\t\t\t\t<\/div>\n\t\t\t\t<div class=\"elementor-element elementor-element-2136218 elementor-widget elementor-widget-text-editor\" data-id=\"2136218\" data-element_type=\"widget\" data-e-type=\"widget\" data-widget_type=\"text-editor.default\">\n\t\t\t\t<div class=\"elementor-widget-container\">\n\t\t\t\t\t\t\t\t\t<p>\u00a0Apr\u00e8s votre s\u00e9ance, vient le moment tant attendu de d\u00e9couvrir vos images. Voici comment se d\u00e9roule la remise de vos images.<\/p>\n<ol>\n<li><span style=\"text-decoration: underline;\"><strong>S\u00e9lection des images<\/strong><\/span><br \/>Dans un d\u00e9lai de 7jours maximum apr\u00e8s votre s\u00e9ance, vous recevrez l&rsquo;acc\u00e8s \u00e0 une galerie priv\u00e9e pour la s\u00e9lection. Vous pourrez alors choisir vos images inclues dans vos collections Douceur (5) ou Tendresse (10)<br \/>Si vous souhaitez conserver davantage de souvenirs, il est possible d&rsquo;acheter des images compl\u00e9mentaires depuis votre galerie.\n<p><span style=\"text-decoration: underline;\">Pour la collection Prestige,<\/span> pas de choix \u00e0 faire, vous obtiendrez directement les 20 images de votre galerie apr\u00e8s leur post traitement.<\/p>\n<\/li>\n<li><span style=\"text-decoration: underline;\"><strong>Retouche et post traitement<\/strong><\/span><br \/>Une fois votre s\u00e9lection effectu\u00e9e et le r\u00e8glement des \u00e9ventuelles images compl\u00e9mentaires valid\u00e9, j&rsquo;entame le post traitement de vos photos. Chacune des images est soigneusement retravaill\u00e9e et sublim\u00e9e selon mon style artistique habituel.\n<p>Le post traitement peut prendre jusque 1 mois maximum selon la charge de travail au studio. Je m&rsquo;applique cependant \u00e0 r\u00e9duire au maximum ce d\u00e9lai selon mes possibilit\u00e9s.<br \/>Un forfait express pour obtenir les images sous 1 semaine est possible, au tarif de 50\u20ac. (sur demande uniquement)<\/p>\n<\/li>\n<li><span style=\"text-decoration: underline;\"><strong>Remise des images<\/strong><\/span><br \/>Une fois termin\u00e9es, vos photos seront remises en t\u00e9l\u00e9chargement num\u00e9rique sous format JPEG, en haute r\u00e9solution.<br \/>Vous obtiendrez \u00e9galement la version en tirage papier satin pro de format 13\/19cm \u00e0 r\u00e9cup\u00e9rer au studio apr\u00e8s commande laboratoire\u00a0<\/li>\n<li>\n<p><span style=\"text-decoration: underline;\"><strong>Les produits<\/strong><\/span><br \/>Un catalogue produits vous sera remis lors du t\u00e9l\u00e9chargement des images termin\u00e9es. Cela vous permettra de conna\u00eetre l&rsquo;ensemble des articles et tarifs du studio (en cours de pr\u00e9paration, il sera en cours \u00e0 compter du 1er f\u00e9vrier)<\/p>\n<\/li>\n<\/ol>\t\t\t\t\t\t\t\t<\/div>\n\t\t\t\t<\/div>\n\t\t\t\t\t<\/div>\n\t\t\t\t<\/div>\n\t\t<div class=\"elementor-element elementor-element-0e426b3 e-flex e-con-boxed e-con e-parent\" data-id=\"0e426b3\" data-element_type=\"container\" data-e-type=\"container\">\n\t\t\t\t\t<div class=\"e-con-inner\">\n\t\t\t\t<div class=\"elementor-element elementor-element-7459cc2 elementor-widget elementor-widget-heading\" data-id=\"7459cc2\" data-element_type=\"widget\" data-e-type=\"widget\" data-widget_type=\"heading.default\">\n\t\t\t\t<div class=\"elementor-widget-container\">\n\t\t\t\t\t<h2 class=\"elementor-heading-title elementor-size-default\">Conseils avant s\u00e9ance<\/h2>\t\t\t\t<\/div>\n\t\t\t\t<\/div>\n\t\t\t\t<div class=\"elementor-element elementor-element-c05d0d9 elementor-widget elementor-widget-text-editor\" data-id=\"c05d0d9\" data-element_type=\"widget\" data-e-type=\"widget\" data-widget_type=\"text-editor.default\">\n\t\t\t\t<div class=\"elementor-widget-container\">\n\t\t\t\t\t\t\t\t\t<p>Si votre enfant fait encore la sieste, assurez vous d&rsquo;avoir s\u00e9lectionn\u00e9 un cr\u00e9neau apr\u00e8s celle ci. En effet, il est primordiale d&rsquo;avoir un enfant repos\u00e9 pour une s\u00e9ance r\u00e9ussie. Il en va de m\u00eame pour le repos\/go\u00fbter de l&rsquo;enfant, il devra \u00eatre donn\u00e9 avant la s\u00e9ance.<\/p>\n<p>Merci d&rsquo;\u00e9viter les \u00e9crans de t\u00e9l\u00e9phone pour la s\u00e9ance, cel\u00e0 complique fortement la s\u00e9ance et donne un air absent \u00e0 l&rsquo;enfant.<br \/>Il est \u00e9galement demand\u00e9 de ne pas nourrir l&rsquo;enfant durant la s\u00e9ance.<\/p>\n<p>N&rsquo;h\u00e9sitez pas \u00e0 prendre le doudou, sucette etc en cas de pause rassurante<\/p>\n<p>Pour toute question, n&rsquo;h\u00e9sitez pas \u00e0 revenir vers moi : client@studiotendresse.com<\/p>\t\t\t\t\t\t\t\t<\/div>\n\t\t\t\t<\/div>\n\t\t\t\t\t<\/div>\n\t\t\t\t<\/div>\n\t\t\t\t<\/div>\n\t\t","protected":false},"excerpt":{"rendered":"<p>Votre s\u00e9ance photos Tout Petit Les s\u00e9ances Tout Petit sont des s\u00e9ances photo pens\u00e9es pour mettre en valeur la beaut\u00e9 naturelle de votre b\u00e9b\u00e9, entour\u00e9 &hellip; <\/p>\n","protected":false},"author":1,"featured_media":0,"parent":6154,"menu_order":0,"comment_status":"closed","ping_status":"closed","template":"","meta":{"_monsterinsights_skip_tracking":false,"_monsterinsights_sitenote_active":false,"_monsterinsights_sitenote_note":"","_monsterinsights_sitenote_category":0,"footnotes":""},"class_list":["post-8852","page","type-page","status-publish","hentry","latest_post"],"aioseo_notices":[],"_links":{"self":[{"href":"https:\/\/studiotendresse.com\/index.php\/wp-json\/wp\/v2\/pages\/8852","targetHints":{"allow":["GET"]}}],"collection":[{"href":"https:\/\/studiotendresse.com\/index.php\/wp-json\/wp\/v2\/pages"}],"about":[{"href":"https:\/\/studiotendresse.com\/index.php\/wp-json\/wp\/v2\/types\/page"}],"author":[{"embeddable":true,"href":"https:\/\/studiotendresse.com\/index.php\/wp-json\/wp\/v2\/users\/1"}],"replies":[{"embeddable":true,"href":"https:\/\/studiotendresse.com\/index.php\/wp-json\/wp\/v2\/comments?post=8852"}],"version-history":[{"count":10,"href":"https:\/\/studiotendresse.com\/index.php\/wp-json\/wp\/v2\/pages\/8852\/revisions"}],"predecessor-version":[{"id":8862,"href":"https:\/\/studiotendresse.com\/index.php\/wp-json\/wp\/v2\/pages\/8852\/revisions\/8862"}],"up":[{"embeddable":true,"href":"https:\/\/studiotendresse.com\/index.php\/wp-json\/wp\/v2\/pages\/6154"}],"wp:attachment":[{"href":"https:\/\/studiotendresse.com\/index.php\/wp-json\/wp\/v2\/media?parent=8852"}],"curies":[{"name":"wp","href":"https:\/\/api.w.org\/{rel}","templated":true}]}}