{"id":7345,"date":"2025-03-10T15:52:04","date_gmt":"2025-03-10T14:52:04","guid":{"rendered":"https:\/\/studiotendresse.com\/?page_id=7345"},"modified":"2026-01-23T08:05:09","modified_gmt":"2026-01-23T07:05:09","slug":"guide-de-seance-photo-grossesse-studio","status":"publish","type":"page","link":"https:\/\/studiotendresse.com\/index.php\/seance-photo-grossesse\/photo-de-grossesse-thionville\/guide-de-seance-photo-grossesse-studio\/","title":{"rendered":"Guide de s\u00e9ance Photo Grossesse Studio"},"content":{"rendered":"\t\t<div data-elementor-type=\"wp-page\" data-elementor-id=\"7345\" class=\"elementor elementor-7345\" data-elementor-post-type=\"page\">\n\t\t\t\t<div class=\"elementor-element elementor-element-b7ea97c e-flex e-con-boxed e-con e-parent\" data-id=\"b7ea97c\" data-element_type=\"container\" data-e-type=\"container\">\n\t\t\t\t\t<div class=\"e-con-inner\">\n\t\t\t\t<div class=\"elementor-element elementor-element-5f1bbd1 elementor-widget elementor-widget-heading\" data-id=\"5f1bbd1\" data-element_type=\"widget\" data-e-type=\"widget\" data-widget_type=\"heading.default\">\n\t\t\t\t<div class=\"elementor-widget-container\">\n\t\t\t\t\t<h2 class=\"elementor-heading-title elementor-size-default\">Votre s\u00e9ance photo de grossesse<\/h2>\t\t\t\t<\/div>\n\t\t\t\t<\/div>\n\t\t\t\t<div class=\"elementor-element elementor-element-dce662f elementor-widget elementor-widget-text-editor\" data-id=\"dce662f\" data-element_type=\"widget\" data-e-type=\"widget\" data-widget_type=\"text-editor.default\">\n\t\t\t\t<div class=\"elementor-widget-container\">\n\t\t\t\t\t\t\t\t\t<p>La grossesse est une p\u00e9riode unique et \u00e9ph\u00e9m\u00e8re dans la vie d&rsquo;une femme. A travers cette s\u00e9ance, nous allons figer le temps et cr\u00e9er des souvenirs pr\u00e9cieux, aussi bien pour vous que pour le futur b\u00e9b\u00e9.<\/p>\n<p>Votre conjoint(e) et vos enfants a\u00een\u00e9s sont les bienvenus pour partager cette exp\u00e9rience avec vous et enrichir ces instants de complicit\u00e9 et d&rsquo;amour.<\/p>\t\t\t\t\t\t\t\t<\/div>\n\t\t\t\t<\/div>\n\t\t\t\t\t<\/div>\n\t\t\t\t<\/div>\n\t\t<div class=\"elementor-element elementor-element-0e1c1e9 e-flex e-con-boxed e-con e-parent\" data-id=\"0e1c1e9\" data-element_type=\"container\" data-e-type=\"container\">\n\t\t\t\t\t<div class=\"e-con-inner\">\n\t\t\t\t<div class=\"elementor-element elementor-element-45c7420 elementor-widget elementor-widget-heading\" data-id=\"45c7420\" data-element_type=\"widget\" data-e-type=\"widget\" data-widget_type=\"heading.default\">\n\t\t\t\t<div class=\"elementor-widget-container\">\n\t\t\t\t\t<h2 class=\"elementor-heading-title elementor-size-default\">Le studio photo <\/h2>\t\t\t\t<\/div>\n\t\t\t\t<\/div>\n\t\t\t\t<div class=\"elementor-element elementor-element-0371ea5 elementor-widget elementor-widget-text-editor\" data-id=\"0371ea5\" data-element_type=\"widget\" data-e-type=\"widget\" data-widget_type=\"text-editor.default\">\n\t\t\t\t<div class=\"elementor-widget-container\">\n\t\t\t\t\t\t\t\t\t<p class=\"cvGsUA direction-ltr align-start para-style-body\"><span class=\"OYPEnA font-feature-liga-off font-feature-clig-off font-feature-calt-off text-decoration-none text-strikethrough-none\">Studio Tendresse Photographie est situ\u00e9 \u00e0 proximit\u00e9 imm\u00e9diate de Thionville au 58 grand rue 57100 Manom (<\/span><span style=\"color: var( --e-global-color-text ); font-family: var( --e-global-typography-text-font-family ), Sans-serif; font-weight: var( --e-global-typography-text-font-weight ); text-align: var(--text-align);\">10 min du Luxembourg, 30 min de Metz<\/span><\/p>\n<p class=\"cvGsUA direction-ltr align-start para-style-body\"><span style=\"color: var( --e-global-color-text ); font-family: var( --e-global-typography-text-font-family ), Sans-serif; font-weight: var( --e-global-typography-text-font-weight ); text-align: var(--text-align);\">Vous pourrez facilement et gratuitement vous garer :<\/span><\/p>\n<ul>\n<li class=\"cvGsUA direction-ltr align-start para-style-body\"><span style=\"color: var( --e-global-color-text ); font-family: var( --e-global-typography-text-font-family ), Sans-serif; font-weight: var( --e-global-typography-text-font-weight ); text-align: var(--text-align);\">face au studio (places standards \/ handicap\u00e9es et places bleues<\/span><\/li>\n<li class=\"cvGsUA direction-ltr align-start para-style-body\"><span style=\"color: var( --e-global-color-text ); font-family: var( --e-global-typography-text-font-family ), Sans-serif; font-weight: var( --e-global-typography-text-font-weight ); text-align: var(--text-align);\">\u00a0parking lib\u00e9ration \u00e0 quelques m\u00e8tre en face du studio<\/span><\/li>\n<li class=\"cvGsUA direction-ltr align-start para-style-body\"><span style=\"color: var( --e-global-color-text ); font-family: var( --e-global-typography-text-font-family ), Sans-serif; font-weight: var( --e-global-typography-text-font-weight ); text-align: var(--text-align);\">grand rue et autres rues annexes toutes pourvues de places<\/span><\/li>\n<\/ul>\n<p class=\"cvGsUA direction-ltr align-start para-style-body\"><span class=\"OYPEnA font-feature-liga-off font-feature-clig-off font-feature-calt-off text-decoration-none text-strikethrough-none\">Si pr\u00e9sence d&rsquo;une personne \u00e0 mobilit\u00e9 r\u00e9duite, merci de l&rsquo;indiquer avant la s\u00e9ance afin que la rampe d&rsquo;acc\u00e8s soit install\u00e9e (pr\u00e9sence de 2 marches devant la porte du studio)<\/span><\/p>\n<p class=\"cvGsUA direction-ltr align-start para-style-body\"><span class=\"OYPEnA font-feature-liga-off font-feature-clig-off font-feature-calt-off text-decoration-none text-strikethrough-none\">N\u2019oubliez pas me pr\u00e9venir en cas de retard : 06.10.02.19.96<\/span><\/p>\n<p class=\"cvGsUA direction-ltr align-start para-style-body\"><span class=\"OYPEnA font-feature-liga-off font-feature-clig-off font-feature-calt-off text-decoration-none text-strikethrough-none\">S\u2019il d\u00e9passe plus de 15 minutes, la s\u00e9ance sera annul\u00e9e (conform\u00e9ment aux Conditions G\u00e9n\u00e9rales de Vente). <span style=\"text-decoration: underline;\">Il est donc imp\u00e9ratif de respecter au maximum les horaires que nous aurons d\u00e9finis ensemble pour la bonne r\u00e9ussite de notre s\u00e9ance.<\/span><\/span><\/p>\t\t\t\t\t\t\t\t<\/div>\n\t\t\t\t<\/div>\n\t\t\t\t\t<\/div>\n\t\t\t\t<\/div>\n\t\t<div class=\"elementor-element elementor-element-d4c9c30 e-flex e-con-boxed e-con e-parent\" data-id=\"d4c9c30\" data-element_type=\"container\" data-e-type=\"container\">\n\t\t\t\t\t<div class=\"e-con-inner\">\n\t\t<div class=\"elementor-element elementor-element-24e2956 e-con-full e-flex e-con e-child\" data-id=\"24e2956\" data-element_type=\"container\" data-e-type=\"container\">\n\t\t\t\t<div class=\"elementor-element elementor-element-bb6ec59 elementor-widget elementor-widget-image\" data-id=\"bb6ec59\" data-element_type=\"widget\" data-e-type=\"widget\" data-widget_type=\"image.default\">\n\t\t\t\t<div class=\"elementor-widget-container\">\n\t\t\t\t\t\t\t\t\t\t\t\t\t\t\t<img fetchpriority=\"high\" decoding=\"async\" width=\"683\" height=\"1024\" src=\"https:\/\/studiotendresse.com\/wp-content\/uploads\/2025\/03\/4-1-683x1024.webp\" class=\"attachment-large size-large wp-image-7176\" alt=\"\" srcset=\"https:\/\/studiotendresse.com\/wp-content\/uploads\/2025\/03\/4-1-683x1024.webp 683w, https:\/\/studiotendresse.com\/wp-content\/uploads\/2025\/03\/4-1-200x300.webp 200w, https:\/\/studiotendresse.com\/wp-content\/uploads\/2025\/03\/4-1-768x1152.webp 768w, https:\/\/studiotendresse.com\/wp-content\/uploads\/2025\/03\/4-1-1024x1536.webp 1024w, https:\/\/studiotendresse.com\/wp-content\/uploads\/2025\/03\/4-1-1365x2048.webp 1365w, https:\/\/studiotendresse.com\/wp-content\/uploads\/2025\/03\/4-1-40x60.webp 40w, https:\/\/studiotendresse.com\/wp-content\/uploads\/2025\/03\/4-1-scaled.webp 1707w\" sizes=\"(max-width: 683px) 100vw, 683px\" \/>\t\t\t\t\t\t\t\t\t\t\t\t\t\t\t<\/div>\n\t\t\t\t<\/div>\n\t\t\t\t<\/div>\n\t\t<div class=\"elementor-element elementor-element-1c9ed3d e-con-full e-flex e-con e-child\" data-id=\"1c9ed3d\" data-element_type=\"container\" data-e-type=\"container\">\n\t\t\t\t<div class=\"elementor-element elementor-element-c1a2497 elementor-widget elementor-widget-heading\" data-id=\"c1a2497\" data-element_type=\"widget\" data-e-type=\"widget\" data-widget_type=\"heading.default\">\n\t\t\t\t<div class=\"elementor-widget-container\">\n\t\t\t\t\t<h2 class=\"elementor-heading-title elementor-size-default\">Ma s\u00e9ance photo grossesse<\/h2>\t\t\t\t<\/div>\n\t\t\t\t<\/div>\n\t\t\t\t<div class=\"elementor-element elementor-element-28504ec elementor-widget elementor-widget-text-editor\" data-id=\"28504ec\" data-element_type=\"widget\" data-e-type=\"widget\" data-widget_type=\"text-editor.default\">\n\t\t\t\t<div class=\"elementor-widget-container\">\n\t\t\t\t\t\t\t\t\t<p><span style=\"text-decoration: underline;\"><strong>Vous avez des questions ?\u00a0<\/strong><\/span><br \/>Que ce soit maintenant, pendant la s\u00e9ance ou apr\u00e8s, je reste disponible pour r\u00e9pondre dans les meilleurs d\u00e9lais \u00e0 vos interrogations !<\/p>\t\t\t\t\t\t\t\t<\/div>\n\t\t\t\t<\/div>\n\t\t\t\t<div class=\"elementor-element elementor-element-c3d0f23 elementor-widget elementor-widget-text-editor\" data-id=\"c3d0f23\" data-element_type=\"widget\" data-e-type=\"widget\" data-widget_type=\"text-editor.default\">\n\t\t\t\t<div class=\"elementor-widget-container\">\n\t\t\t\t\t\t\t\t\t<p>\u00a0<\/p>\n<p><span style=\"text-decoration: underline;\">Comment se d\u00e9roule la s\u00e9ance ?<\/span><br \/>A votre arriv\u00e9e, nous faisons ensemble le point sur les tenues \u00e0 porter ainsi que sur la composition familiale pr\u00e9sente pour r\u00e9aliser les images (enfants ain\u00e9s par exemple)<\/p>\n<p>Je vous guide tout au long de cette s\u00e9ance pour un posing efficace, mettant en valeur vos courbes de grossesse mais \u00e9galement l&rsquo;amour du couple et la coh\u00e9sion familiale en cas d&rsquo;enfants pr\u00e9sents.<\/p>\n<p>\u00a0<\/p>\t\t\t\t\t\t\t\t<\/div>\n\t\t\t\t<\/div>\n\t\t\t\t<div class=\"elementor-element elementor-element-6c0bb90 elementor-widget elementor-widget-heading\" data-id=\"6c0bb90\" data-element_type=\"widget\" data-e-type=\"widget\" data-widget_type=\"heading.default\">\n\t\t\t\t<div class=\"elementor-widget-container\">\n\t\t\t\t\t<h3 class=\"elementor-heading-title elementor-size-default\">Tenue et dur\u00e9e de s\u00e9ance<\/h3>\t\t\t\t<\/div>\n\t\t\t\t<\/div>\n\t\t\t\t<div class=\"elementor-element elementor-element-7c81236 elementor-widget elementor-widget-text-editor\" data-id=\"7c81236\" data-element_type=\"widget\" data-e-type=\"widget\" data-widget_type=\"text-editor.default\">\n\t\t\t\t<div class=\"elementor-widget-container\">\n\t\t\t\t\t\t\t\t\t<p>S\u00e9ance Grossesse Douceur : 1 tenue, s\u00e9ance environ 20min<br \/>S\u00e9ance Grossesse Tendresse : 3 tenues, s\u00e9ance environ 1h30<br \/>S\u00e9ance Grossesse Prestige : 4 tenues, s\u00e9ance environ 2h<\/p>\t\t\t\t\t\t\t\t<\/div>\n\t\t\t\t<\/div>\n\t\t\t\t<\/div>\n\t\t\t\t\t<\/div>\n\t\t\t\t<\/div>\n\t\t<div class=\"elementor-element elementor-element-93bf655 e-flex e-con-boxed e-con e-parent\" data-id=\"93bf655\" data-element_type=\"container\" data-e-type=\"container\">\n\t\t\t\t\t<div class=\"e-con-inner\">\n\t\t<div class=\"elementor-element elementor-element-003d1cc e-con-full e-flex e-con e-child\" data-id=\"003d1cc\" data-element_type=\"container\" data-e-type=\"container\">\n\t\t\t\t<div class=\"elementor-element elementor-element-a55e3d7 elementor-widget elementor-widget-image\" data-id=\"a55e3d7\" data-element_type=\"widget\" data-e-type=\"widget\" data-widget_type=\"image.default\">\n\t\t\t\t<div class=\"elementor-widget-container\">\n\t\t\t\t\t\t\t\t\t\t\t\t\t\t\t<img decoding=\"async\" width=\"683\" height=\"1024\" src=\"https:\/\/studiotendresse.com\/wp-content\/uploads\/2025\/03\/3-683x1024.webp\" class=\"attachment-large size-large wp-image-7168\" alt=\"Portrait d&#039;une femme enceinte \u00e0 manom pr\u00e8s de Thionville, Metz et Luxembourg. La future maman porte un pantalon noir et un crop top beige, mettant en valeur son ventre arrondi pour une s\u00e9ance photo de grossesse \u00e9l\u00e9gante et intemporelle\" srcset=\"https:\/\/studiotendresse.com\/wp-content\/uploads\/2025\/03\/3-683x1024.webp 683w, https:\/\/studiotendresse.com\/wp-content\/uploads\/2025\/03\/3-200x300.webp 200w, https:\/\/studiotendresse.com\/wp-content\/uploads\/2025\/03\/3-768x1152.webp 768w, https:\/\/studiotendresse.com\/wp-content\/uploads\/2025\/03\/3-1024x1536.webp 1024w, https:\/\/studiotendresse.com\/wp-content\/uploads\/2025\/03\/3-1365x2048.webp 1365w, https:\/\/studiotendresse.com\/wp-content\/uploads\/2025\/03\/3-40x60.webp 40w, https:\/\/studiotendresse.com\/wp-content\/uploads\/2025\/03\/3-scaled.webp 1707w\" sizes=\"(max-width: 683px) 100vw, 683px\" \/>\t\t\t\t\t\t\t\t\t\t\t\t\t\t\t<\/div>\n\t\t\t\t<\/div>\n\t\t\t\t<\/div>\n\t\t<div class=\"elementor-element elementor-element-482c21b e-con-full e-flex e-con e-child\" data-id=\"482c21b\" data-element_type=\"container\" data-e-type=\"container\">\n\t\t\t\t<div class=\"elementor-element elementor-element-a6e0f42 elementor-widget elementor-widget-heading\" data-id=\"a6e0f42\" data-element_type=\"widget\" data-e-type=\"widget\" data-widget_type=\"heading.default\">\n\t\t\t\t<div class=\"elementor-widget-container\">\n\t\t\t\t\t<h2 class=\"elementor-heading-title elementor-size-default\">La mise en beaut\u00e9 pour ma s\u00e9ance photo grossesse<\/h2>\t\t\t\t<\/div>\n\t\t\t\t<\/div>\n\t\t\t\t<div class=\"elementor-element elementor-element-0b091af elementor-widget elementor-widget-text-editor\" data-id=\"0b091af\" data-element_type=\"widget\" data-e-type=\"widget\" data-widget_type=\"text-editor.default\">\n\t\t\t\t<div class=\"elementor-widget-container\">\n\t\t\t\t\t\t\t\t\t<p>Votre mise en beaut\u00e9 joue un r\u00f4le essentiel dans le rendu des images et vous permet de vous sentir belle et en confiance.<\/p><p>Veillez \u00e0 avoir les cheveux propres et coiff\u00e9s, effet lisse ou wavy selon votre pr\u00e9f\u00e9rence. Les coiffures bien r\u00e9alis\u00e9es apportent une touche d\u00e9l\u00e9gance et sublime le visage sur les photos.<\/p><p>N&rsquo;h\u00e9sitez pas \u00e0 apporter brosse et accessoires si besoin.<\/p><p>Le maquillage doit \u00eatre en accord avec vos habitudes.<\/p><ul><li>Si vous vous maquillez peu : Optez pour un maquillage l\u00e9ger et naturel qui mets en valeur le teint sans trop en faire. Un teint soign\u00e9, un peu de mascara et un coup de gloss suffisent \u00e0 illuminer votre visage.<\/li><li>Si vous souhaitez un rendu plus travaill\u00e9 : Confiez votre mise en beaut\u00e9 \u00e0 une professionnelle qui sera habitu\u00e9e aux exigences de la prise de vue studio.<\/li><\/ul><p>Les mains font \u00e9galement partie des d\u00e9tails importants lors d&rsquo;une s\u00e9ance photo grossesse. Elles devront \u00eatre propres, hydrat\u00e9es, avec des ongles soign\u00e9s (court ou long peu importe !)<\/p>\t\t\t\t\t\t\t\t<\/div>\n\t\t\t\t<\/div>\n\t\t\t\t<\/div>\n\t\t\t\t\t<\/div>\n\t\t\t\t<\/div>\n\t\t<div class=\"elementor-element elementor-element-019c704 e-flex e-con-boxed e-con e-parent\" data-id=\"019c704\" data-element_type=\"container\" data-e-type=\"container\">\n\t\t\t\t\t<div class=\"e-con-inner\">\n\t\t<div class=\"elementor-element elementor-element-873a7eb e-con-full e-flex e-con e-child\" data-id=\"873a7eb\" data-element_type=\"container\" data-e-type=\"container\">\n\t\t\t\t<div class=\"elementor-element elementor-element-c52e9c9 elementor-widget elementor-widget-image\" data-id=\"c52e9c9\" data-element_type=\"widget\" data-e-type=\"widget\" data-widget_type=\"image.default\">\n\t\t\t\t<div class=\"elementor-widget-container\">\n\t\t\t\t\t\t\t\t\t\t\t\t\t\t\t<img decoding=\"async\" width=\"683\" height=\"1024\" src=\"https:\/\/studiotendresse.com\/wp-content\/uploads\/2025\/03\/2-683x1024.webp\" class=\"attachment-large size-large wp-image-7187\" alt=\"Couple en s\u00e9ance photo de grossesse en studio sur Thionville. Ils portent un pull \u00e9cru et pantalon noir.\" srcset=\"https:\/\/studiotendresse.com\/wp-content\/uploads\/2025\/03\/2-683x1024.webp 683w, https:\/\/studiotendresse.com\/wp-content\/uploads\/2025\/03\/2-200x300.webp 200w, https:\/\/studiotendresse.com\/wp-content\/uploads\/2025\/03\/2-768x1152.webp 768w, https:\/\/studiotendresse.com\/wp-content\/uploads\/2025\/03\/2-1024x1536.webp 1024w, https:\/\/studiotendresse.com\/wp-content\/uploads\/2025\/03\/2-1365x2048.webp 1365w, https:\/\/studiotendresse.com\/wp-content\/uploads\/2025\/03\/2-40x60.webp 40w, https:\/\/studiotendresse.com\/wp-content\/uploads\/2025\/03\/2-scaled.webp 1707w\" sizes=\"(max-width: 683px) 100vw, 683px\" \/>\t\t\t\t\t\t\t\t\t\t\t\t\t\t\t<\/div>\n\t\t\t\t<\/div>\n\t\t\t\t<div class=\"elementor-element elementor-element-9018644 elementor-widget elementor-widget-image\" data-id=\"9018644\" data-element_type=\"widget\" data-e-type=\"widget\" data-widget_type=\"image.default\">\n\t\t\t\t<div class=\"elementor-widget-container\">\n\t\t\t\t\t\t\t\t\t\t\t\t\t\t\t<img loading=\"lazy\" decoding=\"async\" width=\"1024\" height=\"683\" src=\"https:\/\/studiotendresse.com\/wp-content\/uploads\/2025\/03\/15-bonus-art-scaled.webp\" class=\"attachment-large size-large wp-image-7203\" alt=\"\" srcset=\"https:\/\/studiotendresse.com\/wp-content\/uploads\/2025\/03\/15-bonus-art-scaled.webp 2560w, https:\/\/studiotendresse.com\/wp-content\/uploads\/2025\/03\/15-bonus-art-300x200.webp 300w\" sizes=\"(max-width: 1024px) 100vw, 1024px\" \/>\t\t\t\t\t\t\t\t\t\t\t\t\t\t\t<\/div>\n\t\t\t\t<\/div>\n\t\t\t\t<\/div>\n\t\t<div class=\"elementor-element elementor-element-d550f4a e-con-full e-flex e-con e-child\" data-id=\"d550f4a\" data-element_type=\"container\" data-e-type=\"container\">\n\t\t\t\t<div class=\"elementor-element elementor-element-630700b elementor-widget elementor-widget-heading\" data-id=\"630700b\" data-element_type=\"widget\" data-e-type=\"widget\" data-widget_type=\"heading.default\">\n\t\t\t\t<div class=\"elementor-widget-container\">\n\t\t\t\t\t<h2 class=\"elementor-heading-title elementor-size-default\">Photo Grossesse - Les tenues<\/h2>\t\t\t\t<\/div>\n\t\t\t\t<\/div>\n\t\t\t\t<div class=\"elementor-element elementor-element-aa97d04 elementor-widget elementor-widget-heading\" data-id=\"aa97d04\" data-element_type=\"widget\" data-e-type=\"widget\" data-widget_type=\"heading.default\">\n\t\t\t\t<div class=\"elementor-widget-container\">\n\t\t\t\t\t<h3 class=\"elementor-heading-title elementor-size-default\">Pr\u00eatez vous des tenues ?<\/h3>\t\t\t\t<\/div>\n\t\t\t\t<\/div>\n\t\t\t\t<div class=\"elementor-element elementor-element-2b80b08 elementor-widget elementor-widget-text-editor\" data-id=\"2b80b08\" data-element_type=\"widget\" data-e-type=\"widget\" data-widget_type=\"text-editor.default\">\n\t\t\t\t<div class=\"elementor-widget-container\">\n\t\t\t\t\t\t\t\t\t<p>Le studio dispose d&rsquo;un dressing de plus de 50 tenues. C&rsquo;est avec plaisir qu&rsquo;elles sont mises \u00e0 disposition de votre s\u00e9ance.<br \/>Vous pouvez \u00e9galement apporter vos propres tenues si vous pr\u00e9f\u00e9rez, ou m\u00eame faire un mix tenues perso et studio.<br \/>Le tout, dans la limite de la collection choisie (1 pour douceur, 3 pour tendresse et 4 pour prestige)<\/p>\t\t\t\t\t\t\t\t<\/div>\n\t\t\t\t<\/div>\n\t\t\t\t<div class=\"elementor-element elementor-element-f8d9a8e elementor-widget elementor-widget-heading\" data-id=\"f8d9a8e\" data-element_type=\"widget\" data-e-type=\"widget\" data-widget_type=\"heading.default\">\n\t\t\t\t<div class=\"elementor-widget-container\">\n\t\t\t\t\t<h3 class=\"elementor-heading-title elementor-size-default\">Puis-je faire diff\u00e9rents essayages pour me d\u00e9cider ?<\/h3>\t\t\t\t<\/div>\n\t\t\t\t<\/div>\n\t\t\t\t<div class=\"elementor-element elementor-element-88e555a elementor-widget elementor-widget-text-editor\" data-id=\"88e555a\" data-element_type=\"widget\" data-e-type=\"widget\" data-widget_type=\"text-editor.default\">\n\t\t\t\t<div class=\"elementor-widget-container\">\n\t\t\t\t\t\t\t\t\t<p>Il n&rsquo;est pas pr\u00e9vu de temps d&rsquo;essayage durant la s\u00e9ance. Vous h\u00e9sitez entre plusieurs tenues ? Selon votre morphologie, je peux vous guider sur place lors de votre s\u00e9ance.\u00a0<\/p>\t\t\t\t\t\t\t\t<\/div>\n\t\t\t\t<\/div>\n\t\t\t\t<div class=\"elementor-element elementor-element-3a3f408 elementor-widget elementor-widget-heading\" data-id=\"3a3f408\" data-element_type=\"widget\" data-e-type=\"widget\" data-widget_type=\"heading.default\">\n\t\t\t\t<div class=\"elementor-widget-container\">\n\t\t\t\t\t<h3 class=\"elementor-heading-title elementor-size-default\">Quelles tenues perso me conseillez vous ?<\/h3>\t\t\t\t<\/div>\n\t\t\t\t<\/div>\n\t\t\t\t<div class=\"elementor-element elementor-element-a3c4c6a elementor-widget elementor-widget-text-editor\" data-id=\"a3c4c6a\" data-element_type=\"widget\" data-e-type=\"widget\" data-widget_type=\"text-editor.default\">\n\t\t\t\t<div class=\"elementor-widget-container\">\n\t\t\t\t\t\t\t\t\t<p>Je vous conseille un pantalon neutre et un haut uni sans motifs, ni carreaux ni rayures plut\u00f4t court pour d\u00e9voiler le ventre.<br \/>Cela peut \u00eatre un pantalon uni et un haut court, ou un jean d&rsquo;avant grossesse ouvert sur le ventre avec un crop top\/ chemise nou\u00e9e\/ ou encore joli soutien gorge&#8230;<br \/>La lingerie est \u00e9galement tr\u00e8s jolie en grossesse, ou encore des vestes type perfecto, tailleur, gros gilet, etc&#8230;<br \/>N&rsquo;h\u00e9sitez pas \u00e0 regarder mon <a href=\"http:\/\/www.facebook.com\/studiotendresse\" target=\"_blank\" rel=\"noopener\">facebook<\/a> ou <a href=\"http:\/\/www.instagram.com\/studiotendresse\" target=\"_blank\" rel=\"noopener\">instagram<\/a> pour vous inspirer ou encore tout simplement <a href=\"https:\/\/fr.pinterest.com\/\">pinterest<\/a> !<br \/>Et pourquoi pas prendre votre tenue f\u00e9tiche durant cette grossesse ?<\/p>\t\t\t\t\t\t\t\t<\/div>\n\t\t\t\t<\/div>\n\t\t\t\t<\/div>\n\t\t\t\t\t<\/div>\n\t\t\t\t<\/div>\n\t\t<div class=\"elementor-element elementor-element-9cf095d e-flex e-con-boxed e-con e-parent\" data-id=\"9cf095d\" data-element_type=\"container\" data-e-type=\"container\">\n\t\t\t\t\t<div class=\"e-con-inner\">\n\t\t\t\t<div class=\"elementor-element elementor-element-786d1db elementor-widget elementor-widget-heading\" data-id=\"786d1db\" data-element_type=\"widget\" data-e-type=\"widget\" data-widget_type=\"heading.default\">\n\t\t\t\t<div class=\"elementor-widget-container\">\n\t\t\t\t\t<h3 class=\"elementor-heading-title elementor-size-default\">Et pour le conjoint ? les enfants ?<\/h3>\t\t\t\t<\/div>\n\t\t\t\t<\/div>\n\t\t\t\t<div class=\"elementor-element elementor-element-a2d8f0a elementor-widget elementor-widget-text-editor\" data-id=\"a2d8f0a\" data-element_type=\"widget\" data-e-type=\"widget\" data-widget_type=\"text-editor.default\">\n\t\t\t\t<div class=\"elementor-widget-container\">\n\t\t\t\t\t\t\t\t\t<p>Pour une tenue perso ? Jouez le jeu du matchy matchy et assortissez les tenues !<br \/>Pour des\u00a0<a href=\"https:\/\/studiotendresse.com\/index.php\/photographe-grossesse-thionville\/dressing-grossesse\/\" target=\"_blank\" rel=\"noopener\">tenues cr\u00e9ateur studio<\/a> ? Pr\u00e9f\u00e9rez alors des teintes neutres sans motifs, ni rayures\/carreaux ou \u00e9critures&#8230;<br \/>Un pantalon de coloris neutre et un haut clair ou fonc\u00e9s fait le job. Le but est d&rsquo;\u00eatre assortis tous entre vous afin de cr\u00e9er une belle unit\u00e9 sur votre image.<br \/>Et bien sur, s&rsquo;ils ne passent pas n\u00e9cessairement dans la mise en beaut\u00e9 comme le fait la future maman, on fera tout de m\u00eame attention \u00e0 avoir des cheveux propres et coiff\u00e9s, des ongles non \u00e9caill\u00e9s de vernis ou de v\u00eatements froiss\u00e9s ou tach\u00e9s.<br \/>Cela parait juste du bon sens, mais croyez en mon exp\u00e9rience, en 7 ann\u00e9es j&rsquo;ai vu beaucoup de choses en s\u00e9ance !<br \/>Plus votre s\u00e9ance est bien pr\u00e9par\u00e9e par vos soins, plus l&rsquo;image sera jolie \u00e0 regarder&#8230; <strong>vous \u00eates acteur de votre s\u00e9ance photo !<\/strong><\/p>\t\t\t\t\t\t\t\t<\/div>\n\t\t\t\t<\/div>\n\t\t\t\t\t<\/div>\n\t\t\t\t<\/div>\n\t\t<div class=\"elementor-element elementor-element-334a1ba e-flex e-con-boxed e-con e-parent\" data-id=\"334a1ba\" data-element_type=\"container\" data-e-type=\"container\">\n\t\t\t\t\t<div class=\"e-con-inner\">\n\t\t<div class=\"elementor-element elementor-element-e0d36eb e-con-full e-flex e-con e-child\" data-id=\"e0d36eb\" data-element_type=\"container\" data-e-type=\"container\">\n\t\t\t\t<div class=\"elementor-element elementor-element-665b59d elementor-widget elementor-widget-image\" data-id=\"665b59d\" data-element_type=\"widget\" data-e-type=\"widget\" data-widget_type=\"image.default\">\n\t\t\t\t<div class=\"elementor-widget-container\">\n\t\t\t\t\t\t\t\t\t\t\t\t\t\t\t<img decoding=\"async\" src=\"https:\/\/studiotendresse.com\/wp-content\/uploads\/2025\/03\/10-bonus-art-scaled.webp\" title=\"\" alt=\"\" loading=\"lazy\" \/>\t\t\t\t\t\t\t\t\t\t\t\t\t\t\t<\/div>\n\t\t\t\t<\/div>\n\t\t\t\t<div class=\"elementor-element elementor-element-df96e81 elementor-widget elementor-widget-image\" data-id=\"df96e81\" data-element_type=\"widget\" data-e-type=\"widget\" data-widget_type=\"image.default\">\n\t\t\t\t<div class=\"elementor-widget-container\">\n\t\t\t\t\t\t\t\t\t\t\t\t\t\t\t<img loading=\"lazy\" decoding=\"async\" width=\"1024\" height=\"681\" src=\"https:\/\/studiotendresse.com\/wp-content\/uploads\/2024\/05\/1-4-1024x681.webp\" class=\"attachment-large size-large wp-image-5767\" alt=\"Photographie de grossesse en noir et blanc montrant un ventre de femme enceinte avec la main du papa dessus\" srcset=\"https:\/\/studiotendresse.com\/wp-content\/uploads\/2024\/05\/1-4-1024x681.webp 1024w, https:\/\/studiotendresse.com\/wp-content\/uploads\/2024\/05\/1-4-300x200.webp 300w, https:\/\/studiotendresse.com\/wp-content\/uploads\/2024\/05\/1-4-768x511.webp 768w, https:\/\/studiotendresse.com\/wp-content\/uploads\/2024\/05\/1-4-1536x1022.webp 1536w, https:\/\/studiotendresse.com\/wp-content\/uploads\/2024\/05\/1-4-2048x1362.webp 2048w, https:\/\/studiotendresse.com\/wp-content\/uploads\/2024\/05\/1-4-90x60.webp 90w, https:\/\/studiotendresse.com\/wp-content\/uploads\/2024\/05\/1-4-420x280.webp 420w\" sizes=\"(max-width: 1024px) 100vw, 1024px\" \/>\t\t\t\t\t\t\t\t\t\t\t\t\t\t\t<\/div>\n\t\t\t\t<\/div>\n\t\t\t\t<\/div>\n\t\t<div class=\"elementor-element elementor-element-00cca9a e-con-full e-flex e-con e-child\" data-id=\"00cca9a\" data-element_type=\"container\" data-e-type=\"container\">\n\t\t\t\t<div class=\"elementor-element elementor-element-29edf52 elementor-widget elementor-widget-heading\" data-id=\"29edf52\" data-element_type=\"widget\" data-e-type=\"widget\" data-widget_type=\"heading.default\">\n\t\t\t\t<div class=\"elementor-widget-container\">\n\t\t\t\t\t<h3 class=\"elementor-heading-title elementor-size-default\">Le choix de mes photos grossesse<\/h3>\t\t\t\t<\/div>\n\t\t\t\t<\/div>\n\t\t\t\t<div class=\"elementor-element elementor-element-4f585b6 elementor-widget elementor-widget-text-editor\" data-id=\"4f585b6\" data-element_type=\"widget\" data-e-type=\"widget\" data-widget_type=\"text-editor.default\">\n\t\t\t\t<div class=\"elementor-widget-container\">\n\t\t\t\t\t\t\t\t\t<p>&nbsp;Apr\u00e8s votre s\u00e9ance, vient le moment tant attendu de d\u00e9couvrir vos images. Voici comment se d\u00e9roule la remise de vos photos.<\/p>\n<ol>\n<li><span style=\"text-decoration: underline;\"><strong>S\u00e9lection des images pour les s\u00e9ance Grossesse Studio Tendresse<\/strong><\/span><br>Dans un d\u00e9lai de 7jours apr\u00e8s votre s\u00e9ance, vous recevrez l&rsquo;acc\u00e8s \u00e0 une galerie priv\u00e9e de visionnage pour la s\u00e9lection. Vous pourrez alors choisir vos 5 images pour la collection Douceur,&nbsp; 10 images pour la collection Tendresse.<br>Si vous souhaitez conserver davantage de souvenirs, il est possible d&rsquo;acheter des images compl\u00e9mentaires depuis votre galerie.\n<p><span style=\"text-decoration: underline;\">Pour les s\u00e9ances Grossesse Studio Prestige, pas de galerie et de s\u00e9lection,<\/span> vos images seront toutes remises (minimum de 20 images) et donc directement trait\u00e9es apr\u00e8s s\u00e9ance.<\/p>\n<\/li>\n<li><span style=\"text-decoration: underline;\"><strong>Retouche et post traitement<\/strong><\/span><br>Une fois votre s\u00e9lection effectu\u00e9e et le r\u00e8glement des \u00e9ventuelles images compl\u00e9mentaires valid\u00e9, j&rsquo;entame le post traitement de vos photos de grossesse. Chacune des images est soigneusement retravaill\u00e9e et sublim\u00e9e selon mon style artistique habituel.\n<p>Le post traitement peut prendre jusque 1 mois maximum selon la charge de travail au studio. Je m&rsquo;applique cependant \u00e0 r\u00e9duire au maximum ce d\u00e9lai selon mes possibilit\u00e9s.<br>Un forfait express pour obtenir les images sous 1 semaine est possible, au tarif de 50\u20ac. (sur demande uniquement)<\/p>\n<\/li>\n<li><span style=\"text-decoration: underline;\"><strong>Remise des images<\/strong><\/span><br>Une fois termin\u00e9es, vos photos seront remises en t\u00e9l\u00e9chargement num\u00e9rique sous format JPEG, en haute r\u00e9solution 40\/60cm 300dpi.&nbsp;<br>Des tirages sur papier satin pro en taille 13\/19cm vous sera \u00e9galement remis apr\u00e8s commande laboratoire, ils seront \u00e0 retirer au studio (pas d&rsquo;envoi postal)\n<p>Un catalogue produits vous sera remis lors du t\u00e9l\u00e9chargement. Cela vous permettra de conna\u00eetre l&rsquo;ensemble des articles et tarifs du studio&nbsp;<br><span style=\"color: var( --e-global-color-text ); font-family: var( --e-global-typography-text-font-family ), Sans-serif; font-weight: var( --e-global-typography-text-font-weight ); text-align: var(--text-align);\"><i>Vos fichiers sont valables pour des impressions personnelles, mais je vous conseille le laboratoire du studio pour obtenir un papier professionnel de haute qualit\u00e9 sp\u00e9cifiquement choisi par mes soins et des couleurs fid\u00e8les gr\u00e2ce \u00e0 un profil ICC original. (tirages \u00e0 partir de 1\u20ac)<\/i><\/span><\/p>\n<\/li>\n<\/ol>\t\t\t\t\t\t\t\t<\/div>\n\t\t\t\t<\/div>\n\t\t\t\t<\/div>\n\t\t\t\t\t<\/div>\n\t\t\t\t<\/div>\n\t\t<div class=\"elementor-element elementor-element-27340a2 e-flex e-con-boxed e-con e-parent\" data-id=\"27340a2\" data-element_type=\"container\" data-e-type=\"container\">\n\t\t\t\t\t<div class=\"e-con-inner\">\n\t\t\t\t<div class=\"elementor-element elementor-element-f85f0be elementor-widget elementor-widget-heading\" data-id=\"f85f0be\" data-element_type=\"widget\" data-e-type=\"widget\" data-widget_type=\"heading.default\">\n\t\t\t\t<div class=\"elementor-widget-container\">\n\t\t\t\t\t<h2 class=\"elementor-heading-title elementor-size-default\">Que prendre pour ma s\u00e9ance ?<\/h2>\t\t\t\t<\/div>\n\t\t\t\t<\/div>\n\t\t\t\t<div class=\"elementor-element elementor-element-e9ab5fc elementor-widget elementor-widget-text-editor\" data-id=\"e9ab5fc\" data-element_type=\"widget\" data-e-type=\"widget\" data-widget_type=\"text-editor.default\">\n\t\t\t\t<div class=\"elementor-widget-container\">\n\t\t\t\t\t\t\t\t\t<p>Pour profiter pleinement de votre s\u00e9ance photo grossesse, il est toujours utile de pr\u00e9voir une petite check list.<br \/>Certaines choses seront indispensables, d&rsquo;autres ne serviront peut-\u00eatre pas du tout, mais il est toujours rassurant d&rsquo;avoir tout sous la main le jour J<\/p>\n<p>Mieux vaut \u00eatre pr\u00e9par\u00e9e pour se sentir sereine et profiter pleinement du moment.<\/p>\n<ul>\n<li>Pour la Future Maman :<br \/>Une brosse \u00e0 cheveux, Make up de retouche, sous v\u00eatements Noir\/Blanc\/Chaire<br \/>Tenue(s) personnelle(s) propre(s) et repass\u00e9e(s) (pas n\u00e9cessaire si le choix est une tenue studio)<\/li>\n<li><span style=\"text-decoration: underline;\">Pour le Papa :<\/span><br \/>Tenue(s) assortie(s) \u00e0 la future maman (propre(s) et repass\u00e9e(s))<br \/>Id\u00e9alement une dans les tons clairs et une dans les tons fonc\u00e9s.<\/li>\n<li><span style=\"text-decoration: underline;\">Pour les enfants :<\/span><br \/>Tenue(s) assortie(s) \u00e0 la future maman (propre(s) et repass\u00e9e(s))<br \/>Brosse \u00e0 cheveux et accessoires si besoin<br \/>De quoi les occuper pendant la s\u00e9ance qui peut sembler une \u00e9ternit\u00e9 pour un enfant<\/li>\n<li><span style=\"text-decoration: underline;\">Pour tous :<\/span><br \/>Accessoires personnels qui vous tiennent \u00e0 coeur ou qui ont pour vous une signification particuli\u00e8re (premier v\u00eatement du b\u00e9b\u00e9, \u00e9chographie, chausson, bola de grossesse ou autres bijoux etc&#8230;.)\n<p>\u00a0<\/p>\n<\/li>\n<\/ul>\t\t\t\t\t\t\t\t<\/div>\n\t\t\t\t<\/div>\n\t\t\t\t\t<\/div>\n\t\t\t\t<\/div>\n\t\t\t\t<\/div>\n\t\t","protected":false},"excerpt":{"rendered":"<p>Votre s\u00e9ance photo de grossesse La grossesse est une p\u00e9riode unique et \u00e9ph\u00e9m\u00e8re dans la vie d&rsquo;une femme. A travers cette s\u00e9ance, nous allons figer &hellip; <\/p>\n","protected":false},"author":1,"featured_media":0,"parent":23,"menu_order":0,"comment_status":"closed","ping_status":"closed","template":"","meta":{"_monsterinsights_skip_tracking":false,"_monsterinsights_sitenote_active":false,"_monsterinsights_sitenote_note":"","_monsterinsights_sitenote_category":0,"footnotes":""},"class_list":["post-7345","page","type-page","status-publish","hentry","latest_post"],"aioseo_notices":[],"_links":{"self":[{"href":"https:\/\/studiotendresse.com\/index.php\/wp-json\/wp\/v2\/pages\/7345","targetHints":{"allow":["GET"]}}],"collection":[{"href":"https:\/\/studiotendresse.com\/index.php\/wp-json\/wp\/v2\/pages"}],"about":[{"href":"https:\/\/studiotendresse.com\/index.php\/wp-json\/wp\/v2\/types\/page"}],"author":[{"embeddable":true,"href":"https:\/\/studiotendresse.com\/index.php\/wp-json\/wp\/v2\/users\/1"}],"replies":[{"embeddable":true,"href":"https:\/\/studiotendresse.com\/index.php\/wp-json\/wp\/v2\/comments?post=7345"}],"version-history":[{"count":17,"href":"https:\/\/studiotendresse.com\/index.php\/wp-json\/wp\/v2\/pages\/7345\/revisions"}],"predecessor-version":[{"id":8900,"href":"https:\/\/studiotendresse.com\/index.php\/wp-json\/wp\/v2\/pages\/7345\/revisions\/8900"}],"up":[{"embeddable":true,"href":"https:\/\/studiotendresse.com\/index.php\/wp-json\/wp\/v2\/pages\/23"}],"wp:attachment":[{"href":"https:\/\/studiotendresse.com\/index.php\/wp-json\/wp\/v2\/media?parent=7345"}],"curies":[{"name":"wp","href":"https:\/\/api.w.org\/{rel}","templated":true}]}}